{"id":896,"date":"2022-11-30T14:01:36","date_gmt":"2022-11-30T13:01:36","guid":{"rendered":"http:\/\/jeanpierredanel.com\/web\/?page_id=896"},"modified":"2023-04-03T15:27:46","modified_gmt":"2023-04-03T13:27:46","slug":"livre-sarah-bernhardt","status":"publish","type":"page","link":"https:\/\/www.jeanpierredanel.com\/web\/index.php\/livre-sarah-bernhardt\/","title":{"rendered":"Livre &#8211; Sarah Bernhardt"},"content":{"rendered":"\n<div class=\"wp-block-columns is-layout-flex wp-container-core-columns-is-layout-9d6595d7 wp-block-columns-is-layout-flex\">\n<div class=\"wp-block-column is-layout-flow wp-block-column-is-layout-flow\">\n<div class=\"wp-block-columns is-layout-flex wp-container-core-columns-is-layout-9d6595d7 wp-block-columns-is-layout-flex\">\n<div class=\"wp-block-column is-layout-flow wp-block-column-is-layout-flow\" style=\"flex-basis:33.33%\">\n<figure class=\"wp-block-image size-large\"><img fetchpriority=\"high\" decoding=\"async\" width=\"705\" height=\"1024\" src=\"https:\/\/www.jeanpierredanel.com\/web\/wp-content\/uploads\/2023\/01\/Sarah-Bernhardt-La-belle-e\u0301toile-705x1024.jpg\" alt=\"\" class=\"wp-image-921\" srcset=\"https:\/\/www.jeanpierredanel.com\/web\/wp-content\/uploads\/2023\/01\/Sarah-Bernhardt-La-belle-e\u0301toile-705x1024.jpg 705w, https:\/\/www.jeanpierredanel.com\/web\/wp-content\/uploads\/2023\/01\/Sarah-Bernhardt-La-belle-e\u0301toile-207x300.jpg 207w, https:\/\/www.jeanpierredanel.com\/web\/wp-content\/uploads\/2023\/01\/Sarah-Bernhardt-La-belle-e\u0301toile-768x1115.jpg 768w, https:\/\/www.jeanpierredanel.com\/web\/wp-content\/uploads\/2023\/01\/Sarah-Bernhardt-La-belle-e\u0301toile.jpg 831w\" sizes=\"(max-width: 705px) 100vw, 705px\" \/><\/figure>\n\n\n<div class=\"wp-block-image\">\n<figure class=\"aligncenter size-full\"><a href=\"https:\/\/www.amazon.fr\/Sarah-Bernhardt-%C3%89toile-Jean-Pierre-Danel\/dp\/B0BSPLRTPK\/ref=sr_1_1?qid=1680528372&amp;refinements=p_27%3AJean-Pierre+Danel&amp;s=books&amp;sr=1-1\" target=\"_blank\" rel=\"noreferrer noopener\"><img decoding=\"async\" width=\"238\" height=\"37\" src=\"https:\/\/www.jeanpierredanel.com\/web\/wp-content\/uploads\/2023\/03\/buy.png\" alt=\"\" class=\"wp-image-1033\"\/><\/a><\/figure>\n<\/div><\/div>\n\n\n\n<div class=\"wp-block-column is-layout-flow wp-block-column-is-layout-flow\" style=\"flex-basis:66.66%\">\n<h2 class=\"wp-block-heading\">Sarah Bernhardt &#8211; La belle \u00e9toile              ou l&rsquo;invention du star-system<\/h2>\n\n\n\n<p>Faisons simple. Sarah Bernhardt est une rock star. Avec cent ans d\u2019avance.<br>Un bouleversement artistique, culturel et m\u00e9diatique sans pr\u00e9c\u00e9dent et sans \u00e9quivalent dans son temps.<br>Elle fut la premi\u00e8re star mondiale \u2013 mieux : on a invent\u00e9 le concept pour elle. Adul\u00e9e pour son talent, c\u00e9l\u00e8bre pour ses excentricit\u00e9s et son sens du marketing, elle est le premier ph\u00e9nom\u00e8ne artistique \u00e0 la notori\u00e9t\u00e9 plan\u00e9taire.<br>F\u00e9ministe avant l\u2019heure, dreyfusarde, partisane de l\u2019abolition de la peine de mort, soutien de Louise Michel, directrice de son propre th\u00e9\u00e2tre, demandant \u00e0 jouer pour les Indiens et pour les d\u00e9tenus des prisons am\u00e9ricaines, passionn\u00e9e par les animaux, et par-dessus tout, femme \u00e9perdument libre et affranchie, Sarah Bernhardt est, l\u00e0 encore, tr\u00e8s en avance sur son temps.<br>Elle est une pierre angulaire et une ic\u00f4ne. Plus rien ne fut jamais pareil, apr\u00e8s Sarah Bernhardt. La mode de l\u2019\u00e9poque \u00e9tait aux femmes rondes ; elle d\u00e9clare : \u00ab L\u2019avenir est aux maigres ! \u00bb, et bouleverse les canons de beaut\u00e9 f\u00e9minins. Sarah ne se conforme pas aux tendances du monde : elle change le monde.<br>Cent ans apr\u00e8s sa disparition, vous allez voir que Sarah Bernhardt, son talent et sa vie, vont vous surprendre encore, vous \u00e9mouvoir parfois, et vous \u00e9pater \u00e0 coup s\u00fbr.<\/p>\n<\/div>\n<\/div>\n\n\n\n<h2 class=\"wp-block-heading\">Enregistrements audio de Sarah Bernhardt et de Sacha Guitry \u00e9voquant la com\u00e9dienne<\/h2>\n\n\n\n<div class=\"wp-block-columns is-layout-flex wp-container-core-columns-is-layout-9d6595d7 wp-block-columns-is-layout-flex\">\n<div class=\"wp-block-column is-layout-flow wp-block-column-is-layout-flow\">\n<figure class=\"wp-block-image size-large\"><img decoding=\"async\" width=\"510\" height=\"510\" src=\"https:\/\/www.jeanpierredanel.com\/web\/wp-content\/uploads\/2023\/01\/SARAH-BERNHARDT-DIVINE-1.jpg\" alt=\"\" class=\"wp-image-911\" srcset=\"https:\/\/www.jeanpierredanel.com\/web\/wp-content\/uploads\/2023\/01\/SARAH-BERNHARDT-DIVINE-1.jpg 510w, https:\/\/www.jeanpierredanel.com\/web\/wp-content\/uploads\/2023\/01\/SARAH-BERNHARDT-DIVINE-1-300x300.jpg 300w, https:\/\/www.jeanpierredanel.com\/web\/wp-content\/uploads\/2023\/01\/SARAH-BERNHARDT-DIVINE-1-150x150.jpg 150w, https:\/\/www.jeanpierredanel.com\/web\/wp-content\/uploads\/2023\/01\/SARAH-BERNHARDT-DIVINE-1-180x180.jpg 180w\" sizes=\"(max-width: 510px) 100vw, 510px\" \/><\/figure>\n\n\n\n<p>NB : Ces enregistrements sont contraints par la limitation technique extr\u00eame de l\u2019\u00e9poque de leur ex\u00e9cution. S\u2019ils constituent un t\u00e9moignage, limit\u00e9 et d\u00e9form\u00e9, de ce que pouvait \u00eatre la voix et le ton de Sarah Bernhardt, elle fut elle-m\u00eame extr\u00eamement frustr\u00e9e du manque de r\u00e9alisme et de qualit\u00e9 qui en r\u00e9sulta. \u00ab Vous ne me conna\u00eetrez pas telle que j\u2019ai \u00e9t\u00e9 \u00bb, regrettait-elle. Marie Colombier, pr\u00e9sente lors de ces enregistrements, en regrettera le r\u00e9sultat sonore : \u00ab On dirait la plaisanterie d\u2019un ventriloque ou le boniment de guignols en col\u00e8re. Tous les tons graves ou aigus, toutes les inflexion de voix sont r\u00e9p\u00e9t\u00e9s, sans exception, mais, d\u2019un timbre nasal, criard, rappelant la pratique d\u2019un polichinelle ! \u00bb, une \u00ab contrefa\u00e7on de Sarah m\u00e9canique \u00bb.<\/p>\n<\/div>\n\n\n\n<div class=\"wp-block-column is-layout-flow wp-block-column-is-layout-flow\">\n<figure class=\"wp-block-audio\"><audio controls src=\"https:\/\/www.jeanpierredanel.com\/sarahbernhardt\/01 Phedre.mp3\"><\/audio><figcaption class=\"wp-element-caption\">01 Ph\u00e8dre<\/figcaption><\/figure>\n\n\n\n<figure class=\"wp-block-audio\"><audio controls src=\"https:\/\/www.jeanpierredanel.com\/sarahbernhardt\/02 Laiglon.mp3\"><\/audio><figcaption class=\"wp-element-caption\">02 L&rsquo;aiglon<\/figcaption><\/figure>\n\n\n\n<figure class=\"wp-block-audio\"><audio controls src=\"https:\/\/www.jeanpierredanel.com\/sarahbernhardt\/03%20La%20Samaritaine.mp3\"><\/audio><figcaption class=\"wp-element-caption\">03 La Samaritaine<\/figcaption><\/figure>\n\n\n\n<figure class=\"wp-block-audio\"><audio controls src=\"https:\/\/www.jeanpierredanel.com\/sarahbernhardt\/04%20Sacha%20Guitry%20presente%20Sarah%20Bernhardt.mp3\"><\/audio><figcaption class=\"wp-element-caption\">04 Sacha Guitry pre\u0301sente Sarah Bernhardt<\/figcaption><\/figure>\n\n\n\n<figure class=\"wp-block-audio\"><audio controls src=\"https:\/\/www.jeanpierredanel.com\/sarahbernhardt\/05%20Sarah%20Bernhardt%20par%20Sacha%20Guitry.mp3\"><\/audio><figcaption class=\"wp-element-caption\">05 Sarah Bernhardt par Sacha Guitry<\/figcaption><\/figure>\n\n\n\n<figure class=\"wp-block-audio\"><audio controls src=\"https:\/\/www.jeanpierredanel.com\/sarahbernhardt\/06%20Un%20peu%20de%20musique.mp3\"><\/audio><figcaption class=\"wp-element-caption\">06 Un peu de musique<\/figcaption><\/figure>\n\n\n\n<figure class=\"wp-block-audio\"><audio controls src=\"https:\/\/www.jeanpierredanel.com\/sarahbernhardt\/07%20Le%20Lac.mp3\"><\/audio><figcaption class=\"wp-element-caption\">07 Le Lac<\/figcaption><\/figure>\n\n\n\n<figure class=\"wp-block-audio\"><audio controls src=\"https:\/\/www.jeanpierredanel.com\/sarahbernhardt\/08%20Lucie.mp3\"><\/audio><figcaption class=\"wp-element-caption\">08 Lucie<\/figcaption><\/figure>\n\n\n\n<figure class=\"wp-block-audio\"><audio controls src=\"https:\/\/www.jeanpierredanel.com\/sarahbernhardt\/09%20Priere%20pour%20nos%20ennemis.mp3\"><\/audio><figcaption class=\"wp-element-caption\">09 Prie\u0300re pour nos ennemis<\/figcaption><\/figure>\n\n\n\n<figure class=\"wp-block-audio\"><audio controls src=\"https:\/\/www.jeanpierredanel.com\/sarahbernhardt\/10%20Sarah%20Bernhardt%20par%20Sacha%20Guitry%202.mp3\"><\/audio><figcaption class=\"wp-element-caption\">10 Sarah Bernhardt par Sacha Guitry 2<\/figcaption><\/figure>\n\n\n\n<figure class=\"wp-block-audio\"><audio controls src=\"https:\/\/www.jeanpierredanel.com\/sarahbernhardt\/11%20La%20Mort%20dEtzeil.mp3\"><\/audio><figcaption class=\"wp-element-caption\">11 La Mort d&rsquo;Etzeil<\/figcaption><\/figure>\n\n\n\n<figure class=\"wp-block-audio\"><audio controls src=\"https:\/\/www.jeanpierredanel.com\/sarahbernhardt\/12%20La%20fiancee%20du%20timbalier.mp3\"><\/audio><figcaption class=\"wp-element-caption\">12 La fiance\u0301e du timbalier<\/figcaption><\/figure>\n\n\n\n<figure class=\"wp-block-audio\"><audio controls src=\"https:\/\/www.jeanpierredanel.com\/sarahbernhardt\/13%20Le%20reve%20de%20Theroigne%20de%20Mericourt.mp3\"><\/audio><figcaption class=\"wp-element-caption\">13 Le re\u0302ve de The\u0301roigne de Me\u0301ricourt<\/figcaption><\/figure>\n\n\n\n<figure class=\"wp-block-audio\"><audio controls src=\"https:\/\/www.jeanpierredanel.com\/sarahbernhardt\/14%20Les%20bouffons.mp3\"><\/audio><figcaption class=\"wp-element-caption\">14 Les bouffons<\/figcaption><\/figure>\n\n\n\n<p><\/p>\n<\/div>\n<\/div>\n<\/div>\n<\/div>\n\n\n\n<div class=\"wp-block-columns is-layout-flex wp-container-core-columns-is-layout-9d6595d7 wp-block-columns-is-layout-flex\">\n<div class=\"wp-block-column is-layout-flow wp-block-column-is-layout-flow\">\n<figure class=\"wp-block-gallery aligncenter has-nested-images columns-default is-cropped wp-block-gallery-1 is-layout-flex wp-block-gallery-is-layout-flex\">\n<figure class=\"wp-block-image size-large\"><a href=\"https:\/\/www.jeanpierredanel.com\/web\/wp-content\/uploads\/2023\/01\/Sarah-Bernhardt-La-belle-e\u0301toile.jpg\"><img loading=\"lazy\" decoding=\"async\" width=\"705\" height=\"1024\" data-id=\"921\" src=\"https:\/\/www.jeanpierredanel.com\/web\/wp-content\/uploads\/2023\/01\/Sarah-Bernhardt-La-belle-e\u0301toile-705x1024.jpg\" alt=\"\" class=\"wp-image-921\" srcset=\"https:\/\/www.jeanpierredanel.com\/web\/wp-content\/uploads\/2023\/01\/Sarah-Bernhardt-La-belle-e\u0301toile-705x1024.jpg 705w, https:\/\/www.jeanpierredanel.com\/web\/wp-content\/uploads\/2023\/01\/Sarah-Bernhardt-La-belle-e\u0301toile-207x300.jpg 207w, https:\/\/www.jeanpierredanel.com\/web\/wp-content\/uploads\/2023\/01\/Sarah-Bernhardt-La-belle-e\u0301toile-768x1115.jpg 768w, https:\/\/www.jeanpierredanel.com\/web\/wp-content\/uploads\/2023\/01\/Sarah-Bernhardt-La-belle-e\u0301toile.jpg 831w\" sizes=\"(max-width: 705px) 100vw, 705px\" \/><\/a><\/figure>\n\n\n\n<figure class=\"wp-block-image size-large\"><a href=\"https:\/\/www.jeanpierredanel.com\/web\/wp-content\/uploads\/2023\/01\/Jean-Pierre-Danel-Sarah-Bernhardt-La-belle-e\u0301toile-4e\u0300me-de-couverture.jpg\"><img loading=\"lazy\" decoding=\"async\" width=\"724\" height=\"1024\" data-id=\"922\" src=\"https:\/\/www.jeanpierredanel.com\/web\/wp-content\/uploads\/2023\/01\/Jean-Pierre-Danel-Sarah-Bernhardt-La-belle-e\u0301toile-4e\u0300me-de-couverture-724x1024.jpg\" alt=\"\" class=\"wp-image-922\" srcset=\"https:\/\/www.jeanpierredanel.com\/web\/wp-content\/uploads\/2023\/01\/Jean-Pierre-Danel-Sarah-Bernhardt-La-belle-e\u0301toile-4e\u0300me-de-couverture-724x1024.jpg 724w, https:\/\/www.jeanpierredanel.com\/web\/wp-content\/uploads\/2023\/01\/Jean-Pierre-Danel-Sarah-Bernhardt-La-belle-e\u0301toile-4e\u0300me-de-couverture-212x300.jpg 212w, https:\/\/www.jeanpierredanel.com\/web\/wp-content\/uploads\/2023\/01\/Jean-Pierre-Danel-Sarah-Bernhardt-La-belle-e\u0301toile-4e\u0300me-de-couverture-768x1086.jpg 768w, https:\/\/www.jeanpierredanel.com\/web\/wp-content\/uploads\/2023\/01\/Jean-Pierre-Danel-Sarah-Bernhardt-La-belle-e\u0301toile-4e\u0300me-de-couverture.jpg 833w\" sizes=\"(max-width: 724px) 100vw, 724px\" \/><\/a><\/figure>\n<\/figure>\n<\/div>\n<\/div>\n","protected":false},"excerpt":{"rendered":"<p>Sarah Bernhardt &#8211; La belle \u00e9toile ou l&rsquo;invention du star-system Faisons simple. Sarah Bernhardt est une rock star. Avec cent ans d\u2019avance.Un bouleversement artistique, culturel et m\u00e9diatique sans pr\u00e9c\u00e9dent et<a href=\"https:\/\/www.jeanpierredanel.com\/web\/index.php\/livre-sarah-bernhardt\/\" class=\"more-link\"><span class=\"readmore\">Continue reading<span class=\"screen-reader-text\">Livre &#8211; Sarah Bernhardt<\/span><\/span><\/a><\/p>\n","protected":false},"author":1,"featured_media":894,"parent":0,"menu_order":0,"comment_status":"closed","ping_status":"closed","template":"","meta":{"ngg_post_thumbnail":0,"footnotes":""},"class_list":["post-896","page","type-page","status-publish","has-post-thumbnail","hentry"],"_links":{"self":[{"href":"https:\/\/www.jeanpierredanel.com\/web\/index.php\/wp-json\/wp\/v2\/pages\/896","targetHints":{"allow":["GET"]}}],"collection":[{"href":"https:\/\/www.jeanpierredanel.com\/web\/index.php\/wp-json\/wp\/v2\/pages"}],"about":[{"href":"https:\/\/www.jeanpierredanel.com\/web\/index.php\/wp-json\/wp\/v2\/types\/page"}],"author":[{"embeddable":true,"href":"https:\/\/www.jeanpierredanel.com\/web\/index.php\/wp-json\/wp\/v2\/users\/1"}],"replies":[{"embeddable":true,"href":"https:\/\/www.jeanpierredanel.com\/web\/index.php\/wp-json\/wp\/v2\/comments?post=896"}],"version-history":[{"count":2,"href":"https:\/\/www.jeanpierredanel.com\/web\/index.php\/wp-json\/wp\/v2\/pages\/896\/revisions"}],"predecessor-version":[{"id":1124,"href":"https:\/\/www.jeanpierredanel.com\/web\/index.php\/wp-json\/wp\/v2\/pages\/896\/revisions\/1124"}],"wp:featuredmedia":[{"embeddable":true,"href":"https:\/\/www.jeanpierredanel.com\/web\/index.php\/wp-json\/wp\/v2\/media\/894"}],"wp:attachment":[{"href":"https:\/\/www.jeanpierredanel.com\/web\/index.php\/wp-json\/wp\/v2\/media?parent=896"}],"curies":[{"name":"wp","href":"https:\/\/api.w.org\/{rel}","templated":true}]}}